{"id":12437,"date":"2020-05-04T18:09:19","date_gmt":"2020-05-04T18:09:19","guid":{"rendered":"https:\/\/k52mhucbgfd.preview.infomaniak.website\/?page_id=12437"},"modified":"2022-08-01T22:01:49","modified_gmt":"2022-08-01T21:01:49","slug":"clean-safe","status":"publish","type":"page","link":"https:\/\/wildlifeportugal.pt\/en\/clean-safe\/","title":{"rendered":"Clean &#038; Safe"},"content":{"rendered":"<div class=\"wpb-content-wrapper\"><p>[vc_row][vc_column][vc_empty_space height=&#8221;20px&#8221;][vc_column_text]<img decoding=\"async\" class=\"alignnone wp-image-14943\" src=\"https:\/\/k52mhucbgfd.preview.infomaniak.website\/wp-content\/uploads\/2022\/08\/guia-turistico_logo.jpg\" alt=\"clean&amp;safe\" width=\"299\" height=\"150\" srcset=\"https:\/\/wildlifeportugal.pt\/wp-content\/uploads\/2022\/08\/guia-turistico_logo.jpg 1400w, https:\/\/wildlifeportugal.pt\/wp-content\/uploads\/2022\/08\/guia-turistico_logo-768x384.jpg 768w\" sizes=\"(max-width: 299px) 100vw, 299px\" \/><\/p>\n<div align=\"center\">\n<p>&nbsp;<\/p>\n<\/div>\n<h4 class=\"OSFillParent\" align=\"center\"><strong><span class=\"Heading2\">Declara\u00e7\u00e3o de ades\u00e3o ao Selo Clean &amp; Safe 2022<br \/>\n<\/span><\/strong><\/h4>\n<div class=\"Heading3 OSFillParent OSAutoMarginTop\" align=\"center\"><strong>&nbsp;<\/strong><\/div>\n<p>1. <strong>O Estabelecimento compromete-se<\/strong> a atuar como agente de seguran\u00e7a e sa\u00fade p\u00fablica, tendo em vista o bem-estar dos seus colaboradores e clientes, nas <strong>situa\u00e7\u00f5es de crise<\/strong> consideradas no \u00e2mbito do Selo Clean &amp; Safe 2022, e que s\u00e3o:<br \/>\n\u2022 Sa\u00fade p\u00fablica \u2013 pandemias (COVID-19 e outras), ondas de calor;<br \/>\n\u2022 Fen\u00f3menos extremos e riscos coletivos \u2013 inc\u00eandios rurais, sismos, tsunamis e inunda\u00e7\u00f5es;<br \/>\n\u2022 Constrangimentos internacionais \u2013 ciberseguran\u00e7a e refugiados.<\/p>\n<p>2. <strong>O Estabelecimento assegura<\/strong> ainda:<br \/>\n\u2022 O cumprimento dos requisitos de mitiga\u00e7\u00e3o e de emerg\u00eancia relativos ao cont\u00e1gio pela <strong>COVID-19<\/strong>, atualizados em fun\u00e7\u00e3o da evolu\u00e7\u00e3o da pandemia, os quais constam do Anexo I a esta declara\u00e7\u00e3o de ades\u00e3o;<br \/>\n\u2022 A elabora\u00e7\u00e3o dos <strong>Planos de Ac\u00e7\u00e3o Clean &amp; Safe<\/strong> para as situa\u00e7\u00f5es de crise abrangidas, implementando especificamente, as medidas de mitiga\u00e7\u00e3o e boas pr\u00e1ticas, nomeadamente aquelas identificadas nas minutas disponibilizadas;<br \/>\n\u2022 Em situa\u00e7\u00e3o de crise, a implementa\u00e7\u00e3o das medidas de emerg\u00eancia dos respetivos <strong>Planos de Ac\u00e7\u00e3o<\/strong>;<br \/>\n\u2022 A frequ\u00eancia, sempre que poss\u00edvel, de <strong>forma\u00e7\u00e3o Clean &amp; Safe<\/strong> relativa \u00e0s mat\u00e9rias abrangidas e disponibilizada pelo Turismo de Portugal atrav\u00e9s da Academia Digital;<br \/>\n\u2022 A presta\u00e7\u00e3o da informa\u00e7\u00e3o solicitada pelo Turismo de Portugal ou pelos seus parceiros, em sede de auditoria, no \u00e2mbito do Selo Clean &amp; Safe.<\/p>\n<p>&nbsp;[\/vc_column_text][vc_empty_space height=&#8221;30px&#8221;][\/vc_column][\/vc_row]<\/p>\n<\/div>","protected":false},"excerpt":{"rendered":"<p>[vc_row][vc_column][vc_empty_space height=&#8221;20px&#8221;][vc_column_text] &nbsp; Declara\u00e7\u00e3o de ades\u00e3o ao Selo Clean &amp; Safe 2022 &nbsp; 1. O Estabelecimento compromete-se a atuar como agente de seguran\u00e7a e sa\u00fade p\u00fablica, tendo em vista o bem-estar dos seus colaboradores e clientes, nas situa\u00e7\u00f5es de crise consideradas no \u00e2mbito do Selo Clean &amp; Safe 2022, e que s\u00e3o: \u2022 Sa\u00fade p\u00fablica [&hellip;]<\/p>\n","protected":false},"author":1,"featured_media":12439,"parent":0,"menu_order":0,"comment_status":"closed","ping_status":"closed","template":"","meta":{"googlesitekit_rrm_CAowx9fADA:productID":"","om_disable_all_campaigns":false,"ngg_post_thumbnail":0,"footnotes":""},"class_list":["post-12437","page","type-page","status-publish","has-post-thumbnail","hentry"],"yoast_head":"<!-- This site is optimized with the Yoast SEO plugin v27.5 - https:\/\/yoast.com\/product\/yoast-seo-wordpress\/ -->\n<title>Clean &amp; Safe - Wildlife Portugal<\/title>\n<meta name=\"robots\" content=\"index, follow, max-snippet:-1, max-image-preview:large, max-video-preview:-1\" \/>\n<link rel=\"canonical\" href=\"https:\/\/wildlifeportugal.pt\/en\/clean-safe\/\" \/>\n<meta property=\"og:locale\" content=\"en_US\" \/>\n<meta property=\"og:type\" content=\"article\" \/>\n<meta property=\"og:title\" content=\"Clean &amp; Safe - Wildlife Portugal\" \/>\n<meta property=\"og:description\" content=\"[vc_row][vc_column][vc_empty_space height=&#8221;20px&#8221;][vc_column_text] &nbsp; Declara\u00e7\u00e3o de ades\u00e3o ao Selo Clean &amp; Safe 2022 &nbsp; 1. O Estabelecimento compromete-se a atuar como agente de seguran\u00e7a e sa\u00fade p\u00fablica, tendo em vista o bem-estar dos seus colaboradores e clientes, nas situa\u00e7\u00f5es de crise consideradas no \u00e2mbito do Selo Clean &amp; Safe 2022, e que s\u00e3o: \u2022 Sa\u00fade p\u00fablica [&hellip;]\" \/>\n<meta property=\"og:url\" content=\"https:\/\/wildlifeportugal.pt\/en\/clean-safe\/\" \/>\n<meta property=\"og:site_name\" content=\"Wildlife Portugal\" \/>\n<meta property=\"article:publisher\" content=\"https:\/\/www.facebook.com\/wildlifeportugal\/\" \/>\n<meta property=\"article:modified_time\" content=\"2022-08-01T21:01:49+00:00\" \/>\n<meta property=\"og:image\" content=\"https:\/\/wildlifeportugal.pt\/wp-content\/uploads\/2020\/05\/TDP_AS_Print_Original.png\" \/>\n\t<meta property=\"og:image:width\" content=\"1667\" \/>\n\t<meta property=\"og:image:height\" content=\"1667\" \/>\n\t<meta property=\"og:image:type\" content=\"image\/png\" \/>\n<meta name=\"twitter:card\" content=\"summary_large_image\" \/>\n<meta name=\"twitter:site\" content=\"@wildlifept\" \/>\n<meta name=\"twitter:label1\" content=\"Est. reading time\" \/>\n\t<meta name=\"twitter:data1\" content=\"4 minutes\" \/>\n<script type=\"application\/ld+json\" class=\"yoast-schema-graph\">{\"@context\":\"https:\\\/\\\/schema.org\",\"@graph\":[{\"@type\":\"WebPage\",\"@id\":\"https:\\\/\\\/wildlifeportugal.pt\\\/en\\\/clean-safe\\\/\",\"url\":\"https:\\\/\\\/wildlifeportugal.pt\\\/en\\\/clean-safe\\\/\",\"name\":\"Clean & Safe - Wildlife Portugal\",\"isPartOf\":{\"@id\":\"https:\\\/\\\/wildlifeportugal.pt\\\/en\\\/#website\"},\"primaryImageOfPage\":{\"@id\":\"https:\\\/\\\/wildlifeportugal.pt\\\/en\\\/clean-safe\\\/#primaryimage\"},\"image\":{\"@id\":\"https:\\\/\\\/wildlifeportugal.pt\\\/en\\\/clean-safe\\\/#primaryimage\"},\"thumbnailUrl\":\"https:\\\/\\\/wildlifeportugal.pt\\\/wp-content\\\/uploads\\\/2020\\\/05\\\/TDP_AS_Print_Original.png\",\"datePublished\":\"2020-05-04T18:09:19+00:00\",\"dateModified\":\"2022-08-01T21:01:49+00:00\",\"breadcrumb\":{\"@id\":\"https:\\\/\\\/wildlifeportugal.pt\\\/en\\\/clean-safe\\\/#breadcrumb\"},\"inLanguage\":\"en-US\",\"potentialAction\":[{\"@type\":\"ReadAction\",\"target\":[\"https:\\\/\\\/wildlifeportugal.pt\\\/en\\\/clean-safe\\\/\"]}]},{\"@type\":\"ImageObject\",\"inLanguage\":\"en-US\",\"@id\":\"https:\\\/\\\/wildlifeportugal.pt\\\/en\\\/clean-safe\\\/#primaryimage\",\"url\":\"https:\\\/\\\/wildlifeportugal.pt\\\/wp-content\\\/uploads\\\/2020\\\/05\\\/TDP_AS_Print_Original.png\",\"contentUrl\":\"https:\\\/\\\/wildlifeportugal.pt\\\/wp-content\\\/uploads\\\/2020\\\/05\\\/TDP_AS_Print_Original.png\",\"width\":1667,\"height\":1667,\"caption\":\"Clean & Safe certificate\"},{\"@type\":\"BreadcrumbList\",\"@id\":\"https:\\\/\\\/wildlifeportugal.pt\\\/en\\\/clean-safe\\\/#breadcrumb\",\"itemListElement\":[{\"@type\":\"ListItem\",\"position\":1,\"name\":\"In\u00edcio\",\"item\":\"https:\\\/\\\/wildlifeportugal.pt\\\/en\\\/\"},{\"@type\":\"ListItem\",\"position\":2,\"name\":\"Clean &#038; Safe\"}]},{\"@type\":\"WebSite\",\"@id\":\"https:\\\/\\\/wildlifeportugal.pt\\\/en\\\/#website\",\"url\":\"https:\\\/\\\/wildlifeportugal.pt\\\/en\\\/\",\"name\":\"Wildlife Portugal\",\"description\":\"Wild Nature Tours\",\"publisher\":{\"@id\":\"https:\\\/\\\/wildlifeportugal.pt\\\/en\\\/#organization\"},\"potentialAction\":[{\"@type\":\"SearchAction\",\"target\":{\"@type\":\"EntryPoint\",\"urlTemplate\":\"https:\\\/\\\/wildlifeportugal.pt\\\/en\\\/?s={search_term_string}\"},\"query-input\":{\"@type\":\"PropertyValueSpecification\",\"valueRequired\":true,\"valueName\":\"search_term_string\"}}],\"inLanguage\":\"en-US\"},{\"@type\":\"Organization\",\"@id\":\"https:\\\/\\\/wildlifeportugal.pt\\\/en\\\/#organization\",\"name\":\"Wildlife Portugal\",\"url\":\"https:\\\/\\\/wildlifeportugal.pt\\\/en\\\/\",\"logo\":{\"@type\":\"ImageObject\",\"inLanguage\":\"en-US\",\"@id\":\"https:\\\/\\\/wildlifeportugal.pt\\\/en\\\/#\\\/schema\\\/logo\\\/image\\\/\",\"url\":\"https:\\\/\\\/k52mhucbgfd.preview.infomaniak.website\\\/wp-content\\\/uploads\\\/2025\\\/10\\\/Sem-Titulo-1.jpg\",\"contentUrl\":\"https:\\\/\\\/k52mhucbgfd.preview.infomaniak.website\\\/wp-content\\\/uploads\\\/2025\\\/10\\\/Sem-Titulo-1.jpg\",\"width\":600,\"height\":600,\"caption\":\"Wildlife Portugal\"},\"image\":{\"@id\":\"https:\\\/\\\/wildlifeportugal.pt\\\/en\\\/#\\\/schema\\\/logo\\\/image\\\/\"},\"sameAs\":[\"https:\\\/\\\/www.facebook.com\\\/wildlifeportugal\\\/\",\"https:\\\/\\\/x.com\\\/wildlifept\",\"https:\\\/\\\/www.instagram.com\\\/wildlifeportugal\\\/\",\"https:\\\/\\\/www.linkedin.com\\\/in\\\/wildlife-portugal-69569b136\\\/\",\"https:\\\/\\\/pt.pinterest.com\\\/wildlifept\\\/\",\"https:\\\/\\\/www.youtube.com\\\/channel\\\/UCdJIIGehM2uT9WloHyUwmyQ\"]}]}<\/script>\n<!-- \/ Yoast SEO plugin. -->","yoast_head_json":{"title":"Clean & Safe - Wildlife Portugal","robots":{"index":"index","follow":"follow","max-snippet":"max-snippet:-1","max-image-preview":"max-image-preview:large","max-video-preview":"max-video-preview:-1"},"canonical":"https:\/\/wildlifeportugal.pt\/en\/clean-safe\/","og_locale":"en_US","og_type":"article","og_title":"Clean & Safe - Wildlife Portugal","og_description":"[vc_row][vc_column][vc_empty_space height=&#8221;20px&#8221;][vc_column_text] &nbsp; Declara\u00e7\u00e3o de ades\u00e3o ao Selo Clean &amp; Safe 2022 &nbsp; 1. O Estabelecimento compromete-se a atuar como agente de seguran\u00e7a e sa\u00fade p\u00fablica, tendo em vista o bem-estar dos seus colaboradores e clientes, nas situa\u00e7\u00f5es de crise consideradas no \u00e2mbito do Selo Clean &amp; Safe 2022, e que s\u00e3o: \u2022 Sa\u00fade p\u00fablica [&hellip;]","og_url":"https:\/\/wildlifeportugal.pt\/en\/clean-safe\/","og_site_name":"Wildlife Portugal","article_publisher":"https:\/\/www.facebook.com\/wildlifeportugal\/","article_modified_time":"2022-08-01T21:01:49+00:00","og_image":[{"width":1667,"height":1667,"url":"https:\/\/wildlifeportugal.pt\/wp-content\/uploads\/2020\/05\/TDP_AS_Print_Original.png","type":"image\/png"}],"twitter_card":"summary_large_image","twitter_site":"@wildlifept","twitter_misc":{"Est. reading time":"4 minutes"},"schema":{"@context":"https:\/\/schema.org","@graph":[{"@type":"WebPage","@id":"https:\/\/wildlifeportugal.pt\/en\/clean-safe\/","url":"https:\/\/wildlifeportugal.pt\/en\/clean-safe\/","name":"Clean & Safe - Wildlife Portugal","isPartOf":{"@id":"https:\/\/wildlifeportugal.pt\/en\/#website"},"primaryImageOfPage":{"@id":"https:\/\/wildlifeportugal.pt\/en\/clean-safe\/#primaryimage"},"image":{"@id":"https:\/\/wildlifeportugal.pt\/en\/clean-safe\/#primaryimage"},"thumbnailUrl":"https:\/\/wildlifeportugal.pt\/wp-content\/uploads\/2020\/05\/TDP_AS_Print_Original.png","datePublished":"2020-05-04T18:09:19+00:00","dateModified":"2022-08-01T21:01:49+00:00","breadcrumb":{"@id":"https:\/\/wildlifeportugal.pt\/en\/clean-safe\/#breadcrumb"},"inLanguage":"en-US","potentialAction":[{"@type":"ReadAction","target":["https:\/\/wildlifeportugal.pt\/en\/clean-safe\/"]}]},{"@type":"ImageObject","inLanguage":"en-US","@id":"https:\/\/wildlifeportugal.pt\/en\/clean-safe\/#primaryimage","url":"https:\/\/wildlifeportugal.pt\/wp-content\/uploads\/2020\/05\/TDP_AS_Print_Original.png","contentUrl":"https:\/\/wildlifeportugal.pt\/wp-content\/uploads\/2020\/05\/TDP_AS_Print_Original.png","width":1667,"height":1667,"caption":"Clean & Safe certificate"},{"@type":"BreadcrumbList","@id":"https:\/\/wildlifeportugal.pt\/en\/clean-safe\/#breadcrumb","itemListElement":[{"@type":"ListItem","position":1,"name":"In\u00edcio","item":"https:\/\/wildlifeportugal.pt\/en\/"},{"@type":"ListItem","position":2,"name":"Clean &#038; Safe"}]},{"@type":"WebSite","@id":"https:\/\/wildlifeportugal.pt\/en\/#website","url":"https:\/\/wildlifeportugal.pt\/en\/","name":"Wildlife Portugal","description":"Wild Nature Tours","publisher":{"@id":"https:\/\/wildlifeportugal.pt\/en\/#organization"},"potentialAction":[{"@type":"SearchAction","target":{"@type":"EntryPoint","urlTemplate":"https:\/\/wildlifeportugal.pt\/en\/?s={search_term_string}"},"query-input":{"@type":"PropertyValueSpecification","valueRequired":true,"valueName":"search_term_string"}}],"inLanguage":"en-US"},{"@type":"Organization","@id":"https:\/\/wildlifeportugal.pt\/en\/#organization","name":"Wildlife Portugal","url":"https:\/\/wildlifeportugal.pt\/en\/","logo":{"@type":"ImageObject","inLanguage":"en-US","@id":"https:\/\/wildlifeportugal.pt\/en\/#\/schema\/logo\/image\/","url":"https:\/\/k52mhucbgfd.preview.infomaniak.website\/wp-content\/uploads\/2025\/10\/Sem-Titulo-1.jpg","contentUrl":"https:\/\/k52mhucbgfd.preview.infomaniak.website\/wp-content\/uploads\/2025\/10\/Sem-Titulo-1.jpg","width":600,"height":600,"caption":"Wildlife Portugal"},"image":{"@id":"https:\/\/wildlifeportugal.pt\/en\/#\/schema\/logo\/image\/"},"sameAs":["https:\/\/www.facebook.com\/wildlifeportugal\/","https:\/\/x.com\/wildlifept","https:\/\/www.instagram.com\/wildlifeportugal\/","https:\/\/www.linkedin.com\/in\/wildlife-portugal-69569b136\/","https:\/\/pt.pinterest.com\/wildlifept\/","https:\/\/www.youtube.com\/channel\/UCdJIIGehM2uT9WloHyUwmyQ"]}]}},"_links":{"self":[{"href":"https:\/\/wildlifeportugal.pt\/en\/wp-json\/wp\/v2\/pages\/12437","targetHints":{"allow":["GET"]}}],"collection":[{"href":"https:\/\/wildlifeportugal.pt\/en\/wp-json\/wp\/v2\/pages"}],"about":[{"href":"https:\/\/wildlifeportugal.pt\/en\/wp-json\/wp\/v2\/types\/page"}],"author":[{"embeddable":true,"href":"https:\/\/wildlifeportugal.pt\/en\/wp-json\/wp\/v2\/users\/1"}],"replies":[{"embeddable":true,"href":"https:\/\/wildlifeportugal.pt\/en\/wp-json\/wp\/v2\/comments?post=12437"}],"version-history":[{"count":13,"href":"https:\/\/wildlifeportugal.pt\/en\/wp-json\/wp\/v2\/pages\/12437\/revisions"}],"predecessor-version":[{"id":12562,"href":"https:\/\/wildlifeportugal.pt\/en\/wp-json\/wp\/v2\/pages\/12437\/revisions\/12562"}],"wp:featuredmedia":[{"embeddable":true,"href":"https:\/\/wildlifeportugal.pt\/en\/wp-json\/wp\/v2\/media\/12439"}],"wp:attachment":[{"href":"https:\/\/wildlifeportugal.pt\/en\/wp-json\/wp\/v2\/media?parent=12437"}],"curies":[{"name":"wp","href":"https:\/\/api.w.org\/{rel}","templated":true}]}}